{"id":1084,"date":"2026-03-03T10:18:01","date_gmt":"2026-03-03T09:18:01","guid":{"rendered":"https:\/\/sanjuanpabloii.archimadrid.es\/?page_id=1084"},"modified":"2026-03-05T15:33:28","modified_gmt":"2026-03-05T14:33:28","slug":"santos","status":"publish","type":"page","link":"https:\/\/sanjuanpabloii.archimadrid.es\/?page_id=1084","title":{"rendered":"Santos"},"content":{"rendered":"<p>[et_pb_section fb_built=\u00bb1&#8243; _builder_version=\u00bb4.27.6&#8243; _module_preset=\u00bbdefault\u00bb global_colors_info=\u00bb{}\u00bb][et_pb_row column_structure=\u00bb1_3,1_3,1_3&#8243; _builder_version=\u00bb4.27.6&#8243; _module_preset=\u00bbdefault\u00bb global_colors_info=\u00bb{}\u00bb][et_pb_column type=\u00bb1_3&#8243; _builder_version=\u00bb4.27.6&#8243; _module_preset=\u00bbdefault\u00bb global_colors_info=\u00bb{}\u00bb][\/et_pb_column][et_pb_column type=\u00bb1_3&#8243; _builder_version=\u00bb4.27.6&#8243; _module_preset=\u00bbdefault\u00bb global_colors_info=\u00bb{}\u00bb][et_pb_text _builder_version=\u00bb4.27.6&#8243; _module_preset=\u00bbdefault\u00bb custom_margin=\u00bb0px||0px|0px|false|false\u00bb global_colors_info=\u00bb{}\u00bb]<\/p>\n<h4 style=\"text-align: center;\"><span style=\"color: #0000ff;\"><strong>SAN JUAN PABLO II<\/strong><\/span><\/h4>\n<p>[\/et_pb_text][et_pb_image src=\u00bbhttps:\/\/sanjuanpabloii.archimadrid.es\/wp-content\/uploads\/2026\/03\/san-juan-pablo-II-sonriendo.png\u00bb title_text=\u00bbSan Juan Pablo II\u00bb url=\u00bbhttps:\/\/sanjuanpabloii.archimadrid.es\/?page_id=1125&#038;et_fb=1&#038;PageSpeed=off\u00bb _builder_version=\u00bb4.27.6&#8243; _module_preset=\u00bbdefault\u00bb custom_margin=\u00bb-2px||||false|false\u00bb global_colors_info=\u00bb{}\u00bb][\/et_pb_image][\/et_pb_column][et_pb_column type=\u00bb1_3&#8243; _builder_version=\u00bb4.27.6&#8243; _module_preset=\u00bbdefault\u00bb global_colors_info=\u00bb{}\u00bb][\/et_pb_column][\/et_pb_row][et_pb_row column_structure=\u00bb1_3,1_3,1_3&#8243; _builder_version=\u00bb4.27.6&#8243; _module_preset=\u00bbdefault\u00bb global_colors_info=\u00bb{}\u00bb][et_pb_column type=\u00bb1_3&#8243; _builder_version=\u00bb4.27.6&#8243; _module_preset=\u00bbdefault\u00bb global_colors_info=\u00bb{}\u00bb][et_pb_text _builder_version=\u00bb4.27.6&#8243; _module_preset=\u00bbdefault\u00bb global_colors_info=\u00bb{}\u00bb]<\/p>\n<h4 style=\"text-align: center;\"><span style=\"color: #0000ff;\"><strong>Dimension Mariana<\/strong><\/span><\/h4>\n<p>[\/et_pb_text][et_pb_image src=\u00bbhttps:\/\/sanjuanpabloii.archimadrid.es\/wp-content\/uploads\/2026\/01\/Virgen-de-Fatima.png\u00bb alt=\u00bbPar\u00f3 la bala que quer\u00eda matar a San Juan Pablo II\u00bb title_text=\u00bbNuestra Se\u00f1ora la Virgen de F\u00e1tima &#8211; Inmaculado Coraz\u00f3n de Mar\u00eda\u00bb _builder_version=\u00bb4.27.6&#8243; _module_preset=\u00bbdefault\u00bb width=\u00bb100%\u00bb height=\u00bb385px\u00bb custom_margin=\u00bb0px|||60px|false|false\u00bb global_colors_info=\u00bb{}\u00bb][\/et_pb_image][et_pb_text _builder_version=\u00bb4.27.6&#8243; _module_preset=\u00bbdefault\u00bb custom_margin=\u00bb-15px||||false|false\u00bb hover_enabled=\u00bb0&#8243; global_colors_info=\u00bb{}\u00bb sticky_enabled=\u00bb0&#8243;]<\/p>\n<h6 style=\"text-align: center;\"><span style=\"color: #000000;\"><strong>Virgen de F\u00e1tima<\/strong><\/span><\/h6>\n<p>[\/et_pb_text][et_pb_image src=\u00bbhttps:\/\/sanjuanpabloii.archimadrid.es\/wp-content\/uploads\/2026\/03\/017.jpg\u00bb title_text=\u00bb017&#8243; _builder_version=\u00bb4.27.6&#8243; _module_preset=\u00bbdefault\u00bb height=\u00bb377px\u00bb custom_margin=\u00bb60px|||21px|false|false\u00bb global_colors_info=\u00bb{}\u00bb][\/et_pb_image][et_pb_text _builder_version=\u00bb4.27.6&#8243; _module_preset=\u00bbdefault\u00bb custom_margin=\u00bb-1px||||false|false\u00bb hover_enabled=\u00bb0&#8243; global_colors_info=\u00bb{}\u00bb sticky_enabled=\u00bb0&#8243;]<\/p>\n<h6 style=\"text-align: center;\"><span style=\"color: #000000;\"><strong>Maximiliano Kolbe<\/strong><\/span><\/h6>\n<p>[\/et_pb_text][et_pb_text _builder_version=\u00bb4.27.6&#8243; _module_preset=\u00bbdefault\u00bb hover_enabled=\u00bb0&#8243; global_colors_info=\u00bb{}\u00bb sticky_enabled=\u00bb0&#8243; custom_margin=\u00bb-38px||||false|false\u00bb]<\/p>\n<h4 style=\"text-align: center;\"><span style=\"color: #0000ff;\"><strong>Santidad en la vida ordinaria y misi\u00f3n del laico<\/strong><\/span><\/h4>\n<p>[\/et_pb_text][et_pb_image src=\u00bbhttps:\/\/sanjuanpabloii.archimadrid.es\/wp-content\/uploads\/2026\/03\/josemaria_escriva-717&#215;1024-1.jpg\u00bb title_text=\u00bbjosemaria_escriva-717&#215;1024&#8243; _builder_version=\u00bb4.27.6&#8243; _module_preset=\u00bbdefault\u00bb width=\u00bb76%\u00bb custom_margin=\u00bb-19px|||40px|false|false\u00bb global_colors_info=\u00bb{}\u00bb][\/et_pb_image][et_pb_text _builder_version=\u00bb4.27.6&#8243; _module_preset=\u00bbdefault\u00bb custom_margin=\u00bb-9px||||false|false\u00bb global_colors_info=\u00bb{}\u00bb]<\/p>\n<h6 style=\"text-align: center;\"><strong>San Josemar\u00eda Escriv\u00e1<\/strong><\/h6>\n<p>[\/et_pb_text][\/et_pb_column][et_pb_column type=\u00bb1_3&#8243; _builder_version=\u00bb4.27.6&#8243; _module_preset=\u00bbdefault\u00bb global_colors_info=\u00bb{}\u00bb][et_pb_text _builder_version=\u00bb4.27.6&#8243; _module_preset=\u00bbdefault\u00bb hover_enabled=\u00bb0&#8243; global_colors_info=\u00bb{}\u00bb sticky_enabled=\u00bb0&#8243;]<\/p>\n<h4 style=\"text-align: center;\"><span style=\"color: #0000ff;\"><strong>Divina Misericordia y redencion del sufrimiento<\/strong><\/span><\/h4>\n<p>[\/et_pb_text][et_pb_image src=\u00bbhttps:\/\/sanjuanpabloii.archimadrid.es\/wp-content\/uploads\/2026\/03\/5_Swieta-Siostra-Faustyna-portret-z-obrazu-pedzla-Stanislawa-Sztama-\u00a9-ISMM.jpg\u00bb title_text=\u00bb5_S\u0301wie\u0328ta-Siostra-Faustyna-portret-z-obrazu-pe\u0328dzla-Stanislawa-Sztama-\u00a9-ISMM\u00bb _builder_version=\u00bb4.27.6&#8243; _module_preset=\u00bbdefault\u00bb width=\u00bb84%\u00bb height=\u00bb372px\u00bb custom_margin=\u00bb-34px|||40px|false|false\u00bb global_colors_info=\u00bb{}\u00bb][\/et_pb_image][et_pb_text _builder_version=\u00bb4.27.6&#8243; _module_preset=\u00bbdefault\u00bb custom_margin=\u00bb0px||||false|false\u00bb hover_enabled=\u00bb0&#8243; global_colors_info=\u00bb{}\u00bb sticky_enabled=\u00bb0&#8243;]<\/p>\n<h6 style=\"text-align: center;\"><span style=\"color: #000000;\"><strong>Santa Faustina Kowalska<\/strong><\/span><\/h6>\n<p>[\/et_pb_text][et_pb_image src=\u00bbhttps:\/\/sanjuanpabloii.archimadrid.es\/wp-content\/uploads\/2026\/03\/edith-stein-sonriendo.jpg\u00bb title_text=\u00bbedith stein sonriendo\u00bb _builder_version=\u00bb4.27.6&#8243; _module_preset=\u00bbdefault\u00bb max_width=\u00bb91%\u00bb min_height=\u00bb100px\u00bb height=\u00bb383px\u00bb max_height=\u00bb1000px\u00bb custom_margin=\u00bb-23px|||38px|false|false\u00bb global_colors_info=\u00bb{}\u00bb][\/et_pb_image][et_pb_text _builder_version=\u00bb4.27.6&#8243; _module_preset=\u00bbdefault\u00bb custom_margin=\u00bb-10px||||false|false\u00bb hover_enabled=\u00bb0&#8243; global_colors_info=\u00bb{}\u00bb sticky_enabled=\u00bb0&#8243;]<\/p>\n<h6 style=\"text-align: center;\"><span style=\"color: #000000;\"><strong>Edith Stein<\/strong><\/span><\/h6>\n<p>[\/et_pb_text][et_pb_text _builder_version=\u00bb4.27.6&#8243; _module_preset=\u00bbdefault\u00bb hover_enabled=\u00bb0&#8243; global_colors_info=\u00bb{}\u00bb sticky_enabled=\u00bb0&#8243;]<\/p>\n<h4 style=\"text-align: center;\"><span style=\"color: #0000ff;\"><strong>M\u00edstica, oraci\u00f3n y uni\u00f3n con Dios<\/strong><\/span><\/h4>\n<p>[\/et_pb_text][et_pb_image src=\u00bbhttps:\/\/sanjuanpabloii.archimadrid.es\/wp-content\/uploads\/2026\/03\/santa-teresa-de-avila.png\u00bb title_text=\u00bbsanta teresa de avila\u00bb _builder_version=\u00bb4.27.6&#8243; _module_preset=\u00bbdefault\u00bb custom_margin=\u00bb-25px||||false|false\u00bb hover_enabled=\u00bb0&#8243; global_colors_info=\u00bb{}\u00bb max_height=\u00bb911px\u00bb sticky_enabled=\u00bb0&#8243; height=\u00bb415px\u00bb][\/et_pb_image][et_pb_text _builder_version=\u00bb4.27.6&#8243; _module_preset=\u00bbdefault\u00bb custom_margin=\u00bb-13px||||false|false\u00bb hover_enabled=\u00bb0&#8243; global_colors_info=\u00bb{}\u00bb sticky_enabled=\u00bb0&#8243;]<\/p>\n<h6 style=\"text-align: center;\"><strong>Santa Teresa de \u00c1vila<\/strong><\/h6>\n<h6><strong>\u00a0<\/strong><\/h6>\n<p>&nbsp;<\/p>\n<p>[\/et_pb_text][\/et_pb_column][et_pb_column type=\u00bb1_3&#8243; _builder_version=\u00bb4.27.6&#8243; _module_preset=\u00bbdefault\u00bb global_colors_info=\u00bb{}\u00bb][et_pb_text _builder_version=\u00bb4.27.6&#8243; _module_preset=\u00bbdefault\u00bb global_colors_info=\u00bb{}\u00bb]<\/p>\n<h4 style=\"text-align: center;\"><span style=\"color: #0000ff;\"><strong>Caridad y dignidad humana<\/strong><\/span><\/h4>\n<p>[\/et_pb_text][et_pb_image src=\u00bbhttps:\/\/sanjuanpabloii.archimadrid.es\/wp-content\/uploads\/2025\/12\/Madre-Teresa-de-Calcuta.jpg\u00bb title_text=\u00bbAmiga personal de San Juan Pablo II\u00bb _builder_version=\u00bb4.27.6&#8243; _module_preset=\u00bbdefault\u00bb max_width=\u00bb100%\u00bb min_height=\u00bb377px\u00bb hover_enabled=\u00bb0&#8243; global_colors_info=\u00bb{}\u00bb custom_margin=\u00bb-22px||||false|false\u00bb sticky_enabled=\u00bb0&#8243;][\/et_pb_image][et_pb_text _builder_version=\u00bb4.27.6&#8243; _module_preset=\u00bbdefault\u00bb custom_margin=\u00bb-20px||||false|false\u00bb hover_enabled=\u00bb0&#8243; global_colors_info=\u00bb{}\u00bb sticky_enabled=\u00bb0&#8243;]<\/p>\n<h6 style=\"text-align: center;\"><span style=\"color: #000000;\"><strong>Santa Teresa de Calcuta<\/strong><\/span><\/h6>\n<p>[\/et_pb_text][\/et_pb_column][\/et_pb_row][\/et_pb_section]<\/p>\n","protected":false},"excerpt":{"rendered":"<p>SAN JUAN PABLO IIDimension MarianaVirgen de F\u00e1timaMaximiliano KolbeSantidad en la vida ordinaria y misi\u00f3n del laicoSan Josemar\u00eda Escriv\u00e1Divina Misericordia y redencion del sufrimientoSanta Faustina KowalskaEdith SteinM\u00edstica, oraci\u00f3n y uni\u00f3n con DiosSanta Teresa de \u00c1vila \u00a0 &nbsp;Caridad y dignidad humanaSanta Teresa de Calcuta<\/p>\n","protected":false},"author":1,"featured_media":0,"parent":0,"menu_order":0,"comment_status":"closed","ping_status":"closed","template":"","meta":{"_acf_changed":false,"_et_pb_use_builder":"on","_et_pb_old_content":"","_et_gb_content_width":"","footnotes":""},"class_list":["post-1084","page","type-page","status-publish","hentry"],"acf":[],"jetpack_sharing_enabled":true,"_links":{"self":[{"href":"https:\/\/sanjuanpabloii.archimadrid.es\/index.php?rest_route=\/wp\/v2\/pages\/1084","targetHints":{"allow":["GET"]}}],"collection":[{"href":"https:\/\/sanjuanpabloii.archimadrid.es\/index.php?rest_route=\/wp\/v2\/pages"}],"about":[{"href":"https:\/\/sanjuanpabloii.archimadrid.es\/index.php?rest_route=\/wp\/v2\/types\/page"}],"author":[{"embeddable":true,"href":"https:\/\/sanjuanpabloii.archimadrid.es\/index.php?rest_route=\/wp\/v2\/users\/1"}],"replies":[{"embeddable":true,"href":"https:\/\/sanjuanpabloii.archimadrid.es\/index.php?rest_route=%2Fwp%2Fv2%2Fcomments&post=1084"}],"version-history":[{"count":22,"href":"https:\/\/sanjuanpabloii.archimadrid.es\/index.php?rest_route=\/wp\/v2\/pages\/1084\/revisions"}],"predecessor-version":[{"id":1163,"href":"https:\/\/sanjuanpabloii.archimadrid.es\/index.php?rest_route=\/wp\/v2\/pages\/1084\/revisions\/1163"}],"wp:attachment":[{"href":"https:\/\/sanjuanpabloii.archimadrid.es\/index.php?rest_route=%2Fwp%2Fv2%2Fmedia&parent=1084"}],"curies":[{"name":"wp","href":"https:\/\/api.w.org\/{rel}","templated":true}]}}