{"id":368,"date":"2025-12-14T21:19:20","date_gmt":"2025-12-14T21:19:20","guid":{"rendered":"https:\/\/sanjuanpabloii.archimadrid.es\/?page_id=368"},"modified":"2026-03-11T11:13:05","modified_gmt":"2026-03-11T10:13:05","slug":"about","status":"publish","type":"page","link":"https:\/\/sanjuanpabloii.archimadrid.es\/?page_id=368","title":{"rendered":"Historia"},"content":{"rendered":"<p>[et_pb_section fb_built=\u00bb1&#8243; admin_label=\u00bbHeader\u00bb _builder_version=\u00bb4.27.5&#8243; _module_preset=\u00bbdefault\u00bb background_color=\u00bb#CCE3FF\u00bb custom_padding=\u00bb||61px|||\u00bb collapsed=\u00bbon\u00bb global_colors_info=\u00bb{}\u00bb][et_pb_row _builder_version=\u00bb4.27.5&#8243; _module_preset=\u00bbdefault\u00bb global_colors_info=\u00bb{}\u00bb][et_pb_column type=\u00bb4_4&#8243; _builder_version=\u00bb4.27.5&#8243; _module_preset=\u00bbdefault\u00bb global_colors_info=\u00bb{}\u00bb][et_pb_blurb title=\u00bbHISTORIA\u00bb _builder_version=\u00bb4.27.6&#8243; _module_preset=\u00bbdefault\u00bb header_font=\u00bbMontserrat||||||||\u00bb header_font_size=\u00bb46px\u00bb body_font_size=\u00bb18px\u00bb hover_enabled=\u00bb0&#8243; global_colors_info=\u00bb{}\u00bb custom_padding=\u00bb||0px|||\u00bb sticky_enabled=\u00bb0&#8243;]<\/p>\n<p style=\"text-align: justify;\">La Historia de la parroquia empieza hoy contigo, con la historia de cada uno de nosotros.<\/p>\n<div style=\"text-align: justify;\"><strong>Querida familia parroquial, m\u00e1s noticias positivas acerca de nuestra querida parroquia:<\/strong> la cesi\u00f3n del terreno en Valdebebas contin\u00faa avanzando con muy buenos resultados. Tras finalizar el plazo de presentaci\u00f3n de ofertas, se ha abierto y evaluado el <strong>Sobre A<\/strong>, que contiene la documentaci\u00f3n administrativa necesaria para comprobar que los licitadores cumplen todos los requisitos legales y formales. <strong>Superada esta fase, el Arzobispado de Madrid ha sido admitido como \u00fanico licitador.<\/strong> Ahora estamos a la espera del acto p\u00fablico de apertura del <strong>Sobre B<\/strong>, que recoge la propuesta t\u00e9cnica y social del proyecto y constituye el paso decisivo previo a la adjudicaci\u00f3n. <strong>Cada avance nos acerca m\u00e1s a hacer realidad un centro de culto y encuentro al servicio de toda la comunidad de Valdebebas<\/strong>. \u00a1Seguimos adelante con ilusi\u00f3n, transparencia y confianza en Dios para bien de todos!<\/div>\n<p>&nbsp;<\/p>\n<p>&nbsp;<\/p>\n<p>[\/et_pb_blurb][\/et_pb_column][\/et_pb_row][\/et_pb_section]<\/p>\n","protected":false},"excerpt":{"rendered":"<p>La Historia de la parroquia empieza hoy contigo, con la historia de cada uno de nosotros. Querida familia parroquial, m\u00e1s noticias positivas acerca de nuestra querida parroquia: la cesi\u00f3n del terreno en Valdebebas contin\u00faa avanzando con muy buenos resultados. Tras finalizar el plazo de presentaci\u00f3n de ofertas, se ha abierto y evaluado el Sobre A, [&hellip;]<\/p>\n","protected":false},"author":1,"featured_media":0,"parent":0,"menu_order":0,"comment_status":"closed","ping_status":"closed","template":"","meta":{"_acf_changed":false,"_et_pb_use_builder":"on","_et_pb_old_content":"","_et_gb_content_width":"","footnotes":""},"class_list":["post-368","page","type-page","status-publish","hentry"],"acf":[],"jetpack_sharing_enabled":true,"_links":{"self":[{"href":"https:\/\/sanjuanpabloii.archimadrid.es\/index.php?rest_route=\/wp\/v2\/pages\/368","targetHints":{"allow":["GET"]}}],"collection":[{"href":"https:\/\/sanjuanpabloii.archimadrid.es\/index.php?rest_route=\/wp\/v2\/pages"}],"about":[{"href":"https:\/\/sanjuanpabloii.archimadrid.es\/index.php?rest_route=\/wp\/v2\/types\/page"}],"author":[{"embeddable":true,"href":"https:\/\/sanjuanpabloii.archimadrid.es\/index.php?rest_route=\/wp\/v2\/users\/1"}],"replies":[{"embeddable":true,"href":"https:\/\/sanjuanpabloii.archimadrid.es\/index.php?rest_route=%2Fwp%2Fv2%2Fcomments&post=368"}],"version-history":[{"count":9,"href":"https:\/\/sanjuanpabloii.archimadrid.es\/index.php?rest_route=\/wp\/v2\/pages\/368\/revisions"}],"predecessor-version":[{"id":1167,"href":"https:\/\/sanjuanpabloii.archimadrid.es\/index.php?rest_route=\/wp\/v2\/pages\/368\/revisions\/1167"}],"wp:attachment":[{"href":"https:\/\/sanjuanpabloii.archimadrid.es\/index.php?rest_route=%2Fwp%2Fv2%2Fmedia&parent=368"}],"curies":[{"name":"wp","href":"https:\/\/api.w.org\/{rel}","templated":true}]}}